{"id":22145,"date":"2021-09-16T13:33:03","date_gmt":"2021-09-16T13:33:03","guid":{"rendered":"https:\/\/www.reform.ee\/kov-valimised-2021\/?post_type=piirkonnad&#038;p=22145"},"modified":"2021-09-16T13:36:15","modified_gmt":"2021-09-16T13:36:15","slug":"harku-pohilubadused","status":"publish","type":"piirkonnad","link":"https:\/\/www.reform.ee\/kov-valimised-2021\/piirkond\/harjumaa\/harku-vald\/harku-pohilubadused\/","title":{"rendered":"P\u00f5hilubadused"},"content":{"rendered":"\n<h3 class=\"wp-block-heading\"><strong>RE-START HARKU vallas<\/strong><\/h3>\n\n\n\n<p><em>Konkreetsete tegude ja uue m\u00f5tteviisi juurutamisega loome koos elanikega k\u00f5igile parema homse ja \u00fclehomse.<\/em><\/p>\n\n\n\n<p><strong><u>1. Harku vald on meie kodu, mida hoiame \u00fcheskoos<\/u><\/strong><\/p>\n\n\n\n<p><strong>Viime valla juhtimise kvaliteedi uuele tasemele. Kuigi volikogu saab mandaadi neljaks aastaks, siis ulatub otsuste m\u00f5ju palju kaugemale \u2013 seega peame lahendusi pakkudes silmas pikka perspektiivi. Arvestame elanikega ja kaasame kogukondi.<\/strong><\/p>\n\n\n\n<p>L\u00e4htume otsustes teadmisp\u00f5hisusest ning kaasame kogukonnad p\u00e4riselt ja sisuliselt otsustamisprotsessi. Lihtsustame asjaajamist elaniku ja valla vahel.<\/p>\n\n\n\n<p><strong><u>2. Tagame O\u00dc Strantumi tegutsemise, l\u00e4htudes valla elanike huvidest<\/u><\/strong><\/p>\n\n\n\n<p><strong>Viime l\u00e4bi Harku valla kommunaal- ja veemajanduse p\u00f5hjaliku auditi, et tagada tegevuse l\u00e4bipaistvus ja kvaliteetne teenus.<\/strong><\/p>\n\n\n\n<p>Muudame O\u00dc Strantumi n\u00f5ukogu koosseisu valiku p\u00f5him\u00f5tteid nii, et esmane kriteerium oleks professionaalsus, mitte poliitiline kuuluvus.<\/p>\n\n\n\n<p>Seisame selle eest, et asjatundlikult korraldatud veemajandus tagaks joogivee kvaliteedi ja j\u00e4tkusuutliku k\u00e4ttesaadavuse. Otsime kastmisveelahendusi p\u00f5hjavee ressurssi kasutamata.<\/p>\n\n\n\n<p><strong><u>3. Igale lapsele elukohta arvestav lasteaiakoht<\/u><\/strong><\/p>\n\n\n\n<p><strong>Tagame 1,5\u20137-aastastele lastele elukohta arvestava lasteaiakoha. Ehitame valmis V\u00e4\u00e4na-J\u00f5esuu, Tabasalu M\u00fcrsiku ja Tiskre lasteaia. Kaotame lasteaia kohatasu.<\/strong><\/p>\n\n\n\n<p>Harku valla lasteaiad toetavad lapse arengut t\u00e4nap\u00e4evase keskkonna ning motiveeritud spetsialistide abiga parimal v\u00f5imalikul moel.<\/p>\n\n\n\n<p><strong><u>4. Loome lastele valikuv\u00f5imaluse erin\u00e4oliste koolide vahel<\/u><\/strong><\/p>\n\n\n\n<p><strong>Lastel peab olema v\u00f5imalik \u00f5ppida kodul\u00e4hedases koolis. Kolmandas kooliastmes loome \u00f5pilastele v\u00f5imaluse valida kolme erin\u00e4olise \u00fcheksaklassilise kooli vahel, milleks on Tabasalu, Muraste v\u00f5i Tiskre kool.<\/strong><\/p>\n\n\n\n<p>Lapsed arenevad ja \u00f5pivad k\u00f5ige paremini t\u00e4nap\u00e4evases koolis, mis arvestab nende vajaduste ning v\u00f5imetega. Kool peab asuma kodu l\u00e4hedal, et \u00f5pilane ei peaks veetma iga p\u00e4ev tunde autos v\u00f5i bussis.<\/p>\n\n\n\n<p><strong><u>5. Hinnatud ja v\u00e4\u00e4rtustatud \u00f5petajad<\/u><\/strong><\/p>\n\n\n\n<p><strong>Muudame \u00f5petajate ja tugipersonali palgad ning motivatsioonipaketi konkurentsiv\u00f5imeliseks l\u00e4hiomavalitsuste omadega.<\/strong><\/p>\n\n\n\n<p>Kaasame haridusjuhid ja vaatame koos tulevikku, kuidas tagada haridusasutustes v\u00f5imalikult head t\u00f6\u00f6- ja palgatingimused. Nii v\u00e4\u00e4rtustame praeguseid Harku valla haridust\u00f6\u00f6tajaid ning toome parimad uued \u00f5petajad just meie koolidesse ja lasteaedadesse.<\/p>\n\n\n\n<p><strong><u>6. Noortele v\u00f5imalus suviti t\u00f6\u00f6d teha<\/u><\/strong><\/p>\n\n\n\n<p><strong>Arendame Harku valla malevat koost\u00f6\u00f6s kohalike ettev\u00f5tetega ja kaasame projekti noori kogu vallast.<\/strong><\/p>\n\n\n\n<p>Noore inimese t\u00f6\u00f6kogemus ja s\u00f5brad tulevad suviste tegevuste kaudu. Loome valla noortele v\u00f5imaluse esmase t\u00f6\u00f6kogemuse saamiseks.<\/p>\n\n\n\n<p><strong><u>7. Loome t\u00e4nap\u00e4evase kogu pere liikumispargi<\/u><\/strong><\/p>\n\n\n\n<p><strong>Vaba aega saab veeta seiklusrajal, kiigepargis, <em>pumptrack<\/em>\u2019il, v\u00e4lij\u00f5usaalis, m\u00e4nguv\u00e4ljakutel ja talvisel perioodil kunstj\u00e4\u00e4ga uisuv\u00e4ljakul.<\/strong><\/p>\n\n\n\n<p>Mitmek\u00fclgses liikumispargis leiavad aktiivset tegevust nii suured kui ka v\u00e4ikesed, noored ja vanad.<\/p>\n\n\n\n<p><strong><u>8. Kultuur saab Paelava vaba\u00f5hulava ning tervisesport paremad v\u00f5imalused<\/u><\/strong><\/p>\n\n\n\n<p><strong>Arendame Murastes asuva paeplatsi Harku valla kultuuri- ja harrastusspordi\u00fcrituste l\u00e4biviimise paigaks ning parendame tervisespordi taristut k\u00f5ikjal vallas.<\/strong><\/p>\n\n\n\n<p>Loome v\u00f5imaluse tuua koduvalda senisest enam kultuuri\u00fcritusi ja arendada sportimisv\u00f5imalusi.<\/p>\n\n\n\n<p><strong><u>9. Rajame Harku valda eakate sotsiaalmaja<\/u><\/strong><\/p>\n\n\n\n<p><strong>Loome eakatele paindlikumad v\u00f5imalused sotsiaalteenuste tarbimiseks koduvallas.<\/strong><\/p>\n\n\n\n<p>Eakad saavad enam tuge oma kodus elamise j\u00e4tkamiseks, aga ka soodsamad tingimused selleks, et neil oleks v\u00f5imalik elada koduvalla hooldekodus.<\/p>\n\n\n\n<p><strong><u>10. Valgustatud liikumisteed k\u00fclade ja valla piirkondade vahel<\/u><\/strong><\/p>\n\n\n\n<p><strong>Rajame valla piirkondi \u00fchendavad kergliiklusteed. Ehitame k\u00fclade ja asulate peat\u00e4navatel v\u00e4lja k\u00f5nniteed, et parandada inimeste v\u00f5imalusi liikumiseks ning \u00fchistranspordi kasutamiseks.<\/strong><\/p>\n\n\n\n<p>Kergliiklusteede v\u00f5rgustik loob turvalisema keskkonna, et liikuda kooliteel ja valla kantide vahel, ning soodustab tervisesporti.<\/p>\n\n\n\n<p><strong><u>11. Mugav ja k\u00e4ttesaadav \u00fchistransport<\/u><\/strong><\/p>\n\n\n\n<p><strong>Ajakohastame \u00fchistranspordi liiniv\u00f5rgu ja viime selle vastavusse elanike tegelike vajadustega.&nbsp;<\/strong><\/p>\n\n\n\n<p>T\u00f6\u00f6tame Harku valla ja Tallinna ning Harjumaa \u00fchistranspordiv\u00f5rgu osalise \u00fchendamise nimel. Soodustame s\u00f5idujagamise majanduse arengut. Lisame avalikku ruumi rattaparklad.<\/p>\n\n\n\n<p><strong><u>12. Rohep\u00f6\u00f6re on ainus edasiviiv m\u00f5tteviis<\/u><\/strong><\/p>\n\n\n\n<p><strong>Aitame aktiivselt kaasa rohep\u00f6\u00f6rde elluviimisele. Vallavalitsus n\u00e4itab eeskuju ja aitab suurendada teadlikkust selle osas, kuidas tegutsemisel rohkem keskkonnaga arvestada.<\/strong><\/p>\n\n\n\n<p>Tegeleme keskkonnahoidlikele hangetele \u00fcleminekuga ja suurendame nende hulka. Uute hoonete ja rajatiste p\u00fcstitamisel arvestame keskkonnaga ning kasutame taastuvaid energiaallikaid. Harku valla j\u00e4\u00e4tmehooldus hakkab toimima korrektselt ning eeskujulikult \u2013 t\u00e4idame oma osa Eesti ringlussev\u00f5tu eesm\u00e4rgist. N\u00e4eme vajadust valla kliima- ja energiakava koostamise j\u00e4rele.<\/p>\n\n\n\n<div class=\"big-cta\">\n            <div class=\"big-cta__content\">\n            <p>Loe pikemat valimisporgrammi<\/p>\n        <\/div>\n                <div class=\"big-cta__link-wrapper\">\n            <a class=\"big-cta__link\" href=\"https:\/\/www.reform.ee\/kov-valimised-2021\/piirkond\/harjumaa\/harku-vald\/harku-valimisprogramm\/\">SIIT<\/a>\n        <\/div>\n    <\/div>","protected":false},"parent":1832,"menu_order":0,"template":"","class_list":["post-22145","piirkonnad","type-piirkonnad","status-publish","hentry"],"acf":[],"_links":{"self":[{"href":"https:\/\/www.reform.ee\/kov-valimised-2021\/wp-json\/wp\/v2\/piirkonnad\/22145","targetHints":{"allow":["GET"]}}],"collection":[{"href":"https:\/\/www.reform.ee\/kov-valimised-2021\/wp-json\/wp\/v2\/piirkonnad"}],"about":[{"href":"https:\/\/www.reform.ee\/kov-valimised-2021\/wp-json\/wp\/v2\/types\/piirkonnad"}],"version-history":[{"count":5,"href":"https:\/\/www.reform.ee\/kov-valimised-2021\/wp-json\/wp\/v2\/piirkonnad\/22145\/revisions"}],"predecessor-version":[{"id":22151,"href":"https:\/\/www.reform.ee\/kov-valimised-2021\/wp-json\/wp\/v2\/piirkonnad\/22145\/revisions\/22151"}],"up":[{"embeddable":true,"href":"https:\/\/www.reform.ee\/kov-valimised-2021\/wp-json\/wp\/v2\/piirkonnad\/1832"}],"wp:attachment":[{"href":"https:\/\/www.reform.ee\/kov-valimised-2021\/wp-json\/wp\/v2\/media?parent=22145"}],"curies":[{"name":"wp","href":"https:\/\/api.w.org\/{rel}","templated":true}]}}